{"id":89,"date":"2017-05-12T12:07:12","date_gmt":"2017-05-12T10:07:12","guid":{"rendered":"http:\/\/ento.org\/?page_id=89"},"modified":"2017-09-14T11:17:14","modified_gmt":"2017-09-14T09:17:14","slug":"membres-fr","status":"publish","type":"page","link":"https:\/\/ento.org\/fr\/membres-fr\/","title":{"rendered":"Membres"},"content":{"rendered":"<div class=\"membre_filtre col-md-12\"><div id=\"LoadingImage\"><img src=\"https:\/\/ento.org\/wp-content\/themes\/ento\/img\/ajax-loader.gif\" \/><\/div><div class=\"col-md-2 titre text-right\">FILTRER :<\/div><div class=\"col-md-5\"><select name=\"membre_name\" id=\"membre_name\" class=\"form-control\"><option>Choisissez un membre<\/option><option value=\"492\">Administration publique Acad\u00e9mie de la R\u00e9publique d\u2019Arm\u00e9nie<\/option><option value=\"909\">ASK - ATTITUDE SKILLS KNOWLEDGE<\/option><option value=\"879\">CENTRE D\u2019INFORMATION, DE DOCUMENTATION, D\u2019ETUDE ET DE FORMATION DES ELUS<\/option><option value=\"897\">Centre de Formation \u00ab Dainava \u00bb pour les fonctionnaires et les administrations locales<\/option><option value=\"907\">Centre Lugansk des post-graduats en Education<\/option><option value=\"862\">CNFPT<\/option><option value=\"489\">CONSEIL REGIONAL DE LA FORMATION<\/option><option value=\"873\">ERAP - Ecole R\u00e9gionale d\u2019Administration Publique<\/option><option value=\"890\">EURO-INSTITUTE POUR LA COOPERATION TRANSFRONTALIERE<\/option><option value=\"884\">GIPA \u2013 L\u2019Institut G\u00e9orgien des Affaires Publiques<\/option><option value=\"892\">Hochschule Kehl - Universit\u00e9 des sciences appliqu\u00e9es pour l\u2019administration publique<\/option><option value=\"901\">Institut croate pour gouvernement local (CILG)<\/option><option value=\"877\">Institut pour l\u2019Administration Publique de Prague<\/option><option value=\"875\">INSTITUT PROVINCIAL DE FORMATION<\/option><option value=\"905\">Istituto della formazione continua<\/option><option value=\"886\">L\u2019Association Internationale \u00ab Civitas Georgica \u00bb\u10d9\u10d8\u10d5\u10d8\u10e2\u10d0\u10e1 \u10d2\u10d4\u10dd\u10e0\u10d2\u10d8\u10d9\u10d0\u201d<\/option><option value=\"868\">La Fondation Urbaine pour un d\u00e9veloppement durable<\/option><option value=\"888\">Le Centre d\u2019information Lanchkhuti<\/option><option value=\"895\">Province de Brescia<\/option><option value=\"899\">Universit\u00e9 des Sciences appliqu\u00e9es \u2018LAVOSLAV RUZICK\u2019 \u00e0 Vukovar<\/option><\/select><\/div><div class=\"col-md-5\"><select name=\"membre_pays\" id=\"membre_pays\" class=\"form-control\"><option>Choisissez un pays<\/option><option value=\"472\">Allemagne<\/option><option value=\"88\">Arm\u00e9nie<\/option><option value=\"92\">Belgique<\/option><option value=\"990\">Croatie<\/option><option value=\"469\">Croatie<\/option><option value=\"474\">France<\/option><option value=\"467\">G\u00e9orgie<\/option><option value=\"471\">Italie<\/option><option value=\"466\">Lithuanie<\/option><option value=\"473\">R\u00e9publique Tch\u00e8que<\/option><option value=\"468\">Suisse<\/option><option value=\"470\">Ukraine<\/option><\/select><\/div><\/div><div class=\"liste_membres\"><div class=\" col-md-4 col-sm-4 \"><div class=\"thumbnail membre same_height\"><div class=\"logo text-center\"><img src=\"https:\/\/ento.org\/wp-content\/uploads\/2017\/06\/euro_institute.gif\" alt=\"EURO-INSTITUTE POUR LA COOPERATION TRANSFRONTALIERE\" class=\"img-responsive\"><\/div><div class=\"pays\"><div class=\"drapeau\" style=\"background: url(https:\/\/ento.org\/wp-content\/uploads\/2017\/06\/germany.png)  center no-repeat\"><\/div><div class=\"nom\">&nbsp;Allemagne<\/div><\/div><h2 class=\"titre\">EURO-INSTITUTE POUR LA COOPERATION TRANSFRONTALIERE<\/h2><div class=\"\">L\u2019euro-institut est une institution franco-allemande financ\u00e9e par les Fran\u00e7ais et les Allemands. Elle a \u00e9t\u00e9 fond\u00e9e en 1993 comme une structure franco-allemande pour des formations avanc\u00e9es et des conseils. Le travail de l\u2019Institut est g\u00e9r\u00e9 \u00e0 l\u2019administration publique en Allemagne et en France. <\/div><div class=\"lien\"><a href=\"https:\/\/ento.org\/fr\/membre\/euro-institute-pour-la-cooperation-transfrontaliere\/\" class=\"btn btn-default\">PLUS D'INFOS<\/a><\/div><\/div><\/div><div class=\" col-md-4 col-sm-4 \"><div class=\"thumbnail membre same_height\"><div class=\"logo text-center\"><img src=\"https:\/\/ento.org\/wp-content\/uploads\/2017\/07\/kehl_logo.jpg\" alt=\"Hochschule Kehl &#8211; Universit\u00e9 des sciences appliqu\u00e9es pour l\u2019administration publique\" class=\"img-responsive\"><\/div><div class=\"pays\"><div class=\"drapeau\" style=\"background: url(https:\/\/ento.org\/wp-content\/uploads\/2017\/06\/germany.png)  center no-repeat\"><\/div><div class=\"nom\">&nbsp;Allemagne<\/div><\/div><h2 class=\"titre\">Hochschule Kehl &#8211; Universit\u00e9 des sciences appliqu\u00e9es pour l\u2019administration publique<\/h2><div class=\"\">L\u2019Universit\u00e9 des sciences appliqu\u00e9es pour l\u2019administration publique - HOCHSCHULE KEHL \u2013 fut fond\u00e9e en 1971 par la ville de Baden-W\u00fcrttemberg. La premi\u00e8re t\u00e2che cl\u00e9 est la formation initiale des fonctionnaires et employ\u00e9s qui prendront place \u00e0 des postes d\u2019encadrement interm\u00e9diaire dans l\u2019administration publique. <\/div><div class=\"lien\"><a href=\"https:\/\/ento.org\/fr\/membre\/hochschule-kehl-universite-des-sciences-appliquees-pour-ladministration-publique\/\" class=\"btn btn-default\">PLUS D'INFOS<\/a><\/div><\/div><\/div><div class=\" col-md-4 col-sm-4 \"><div class=\"thumbnail membre same_height\"><div class=\"logo text-center\"><img src=\"https:\/\/ento.org\/wp-content\/uploads\/2017\/05\/armenia_public_logo.png\" alt=\"Administration publique Acad\u00e9mie de la R\u00e9publique d\u2019Arm\u00e9nie\" class=\"img-responsive\"><\/div><div class=\"pays\"><div class=\"drapeau\" style=\"background: url(https:\/\/ento.org\/wp-content\/uploads\/2017\/05\/Armenia.png)  center no-repeat\"><\/div><div class=\"nom\">&nbsp;Arm\u00e9nie<\/div><\/div><h2 class=\"titre\">Administration publique Acad\u00e9mie de la R\u00e9publique d\u2019Arm\u00e9nie<\/h2><div class=\"\">L\u2019Administration publique Acad\u00e9mie de la R\u00e9publique d\u2019Arm\u00e9nie est le successeur l\u2019\u00e9gal de l\u2019\u00e9cole de Management de la R\u00e9publique d\u2019Arm\u00e9nie qui a \u00e9t\u00e9 \u00e9tablie en accord avec le D\u00e9cret n\u00b024 du Gouvernement du 24 mai 1994, avec le soutien technique de l\u2019Union Europ\u00e9enne programme TACIS. <\/div><div class=\"lien\"><a href=\"https:\/\/ento.org\/fr\/membre\/public-administration-academy-of-the-republic-of-armenia\/\" class=\"btn btn-default\">PLUS D'INFOS<\/a><\/div><\/div><\/div><div class=\" col-md-4 col-sm-4 animation-element bounce-up cf\"><div class=\"thumbnail membre same_height\"><div class=\"logo text-center\"><img src=\"https:\/\/ento.org\/wp-content\/uploads\/2017\/05\/urban_fondation.png\" alt=\"La Fondation Urbaine pour un d\u00e9veloppement durable\" class=\"img-responsive\"><\/div><div class=\"pays\"><div class=\"drapeau\" style=\"background: url(https:\/\/ento.org\/wp-content\/uploads\/2017\/05\/Armenia.png)  center no-repeat\"><\/div><div class=\"nom\">&nbsp;Arm\u00e9nie<\/div><\/div><h2 class=\"titre\">La Fondation Urbaine pour un d\u00e9veloppement durable<\/h2><div class=\"\">La Fondation Urbaine pour un d\u00e9veloppement durable (USFD ou la Fondation Urbaine) est un groupement de sp\u00e9cialistes en d\u00e9veloppement qui ont travaill\u00e9 ensemble pendant plus ou moins 15 ans.<\/div><div class=\"lien\"><a href=\"https:\/\/ento.org\/fr\/membre\/la-fondation-urbaine-pour-un-developpement-durable\/\" class=\"btn btn-default\">PLUS D'INFOS<\/a><\/div><\/div><\/div><div class=\" col-md-4 col-sm-4 animation-element bounce-up cf\"><div class=\"thumbnail membre same_height\"><div class=\"logo text-center\"><img src=\"https:\/\/ento.org\/wp-content\/uploads\/2017\/05\/logo_crf.png\" alt=\"CONSEIL REGIONAL DE LA FORMATION\" class=\"img-responsive\"><\/div><div class=\"pays\"><div class=\"nom\">&nbsp;Belgique<\/div><\/div><h2 class=\"titre\">CONSEIL REGIONAL DE LA FORMATION<\/h2><div class=\"\">Actif en R\u00e9gion wallonne, le Conseil r\u00e9gional de la Formation est un lieu de Concertation des acteurs concern\u00e9s (services du Gouvernement wallon, partenaires sociaux repr\u00e9sentatifs des travailleurs, organismes repr\u00e9sentatifs des entit\u00e9s locales et provinciales) par la Formation du personnel du secteur public local et provincial (communes, provinces, intercommunales). Il a notamment pour mission de rendre [&hellip;]<\/div><div class=\"lien\"><a href=\"https:\/\/ento.org\/fr\/membre\/conseil-regional-de-formation\/\" class=\"btn btn-default\">PLUS D'INFOS<\/a><\/div><\/div><\/div><div class=\" col-md-4 col-sm-4 animation-element bounce-up cf\"><div class=\"thumbnail membre same_height\"><div class=\"logo text-center\"><img src=\"https:\/\/ento.org\/wp-content\/uploads\/2017\/07\/erap_logo.jpg\" alt=\"ERAP &#8211; Ecole R\u00e9gionale d\u2019Administration Publique\" class=\"img-responsive\"><\/div><div class=\"pays\"><div class=\"nom\">&nbsp;Belgique<\/div><\/div><h2 class=\"titre\">ERAP &#8211; Ecole R\u00e9gionale d\u2019Administration Publique<\/h2><div class=\"\">ERAP est un centre de comp\u00e9tences RH et un centre de formation qui a comme mission de d\u00e9velopper les comp\u00e9tences des travailleurs des gouvernements locaux dans la zone de Bruxelles. 12 personnes et un stagiaire travaillent de mani\u00e8re r\u00e9guli\u00e8re \u00e0 ERAP. <\/div><div class=\"lien\"><a href=\"https:\/\/ento.org\/fr\/membre\/erap-ecole-regionale-dadministration-publique\/\" class=\"btn btn-default\">PLUS D'INFOS<\/a><\/div><\/div><\/div><div class=\" col-md-4 col-sm-4 animation-element bounce-up cf\"><div class=\"thumbnail membre same_height\"><div class=\"logo text-center\"><img src=\"https:\/\/ento.org\/wp-content\/uploads\/2017\/07\/ipfh_logo.png\" alt=\"INSTITUT PROVINCIAL DE FORMATION\" class=\"img-responsive\"><\/div><div class=\"pays\"><div class=\"nom\">&nbsp;Belgique<\/div><\/div><h2 class=\"titre\">INSTITUT PROVINCIAL DE FORMATION<\/h2><div class=\"\">Sa mission est de proposer un large axe strat\u00e9gique et les lignes principales qui vont d\u00e9terminer la politique provinciale en regard de la formation continue et de la RGB, des formations aux m\u00e9tiers de la s\u00e9curit\u00e9, principalement publique, conform\u00e9ment aux lois et aux d\u00e9crets. <\/div><div class=\"lien\"><a href=\"https:\/\/ento.org\/fr\/membre\/institut-provincial-de-formation\/\" class=\"btn btn-default\">PLUS D'INFOS<\/a><\/div><\/div><\/div><div class=\" col-md-4 col-sm-4 animation-element bounce-up cf\"><div class=\"thumbnail membre same_height\"><div class=\"logo text-center\"><img src=\"https:\/\/ento.org\/wp-content\/uploads\/2017\/07\/hils_logo.jpg\" alt=\"Institut croate pour gouvernement local (CILG)\" class=\"img-responsive\"><\/div><div class=\"pays\"><div class=\"drapeau\" style=\"background: url(https:\/\/ento.org\/wp-content\/uploads\/2017\/07\/Croatia.png)  center no-repeat\"><\/div><div class=\"nom\">&nbsp;Croatie<\/div><\/div><h2 class=\"titre\">Institut croate pour gouvernement local (CILG)<\/h2><div class=\"\">L\u2019Institut croate pour gouvernement local (CILG) HRVATSKI INSTITUT ZA LOKALNU SAMOUPRAVU est une organisation cr\u00e9\u00e9e en 1998 pour l\u2019\u00e9tude et la promotion de l\u2019id\u00e9e et la pratique d\u2019un Gouvernement local autonome de la R\u00e9publique de Croatie. <\/div><div class=\"lien\"><a href=\"https:\/\/ento.org\/fr\/membre\/institut-croate-pour-gouvernement-local-cilg\/\" class=\"btn btn-default\">PLUS D'INFOS<\/a><\/div><\/div><\/div><div class=\" col-md-4 col-sm-4 animation-element bounce-up cf\"><div class=\"thumbnail membre same_height\"><div class=\"logo text-center\"><img src=\"https:\/\/ento.org\/wp-content\/uploads\/2017\/07\/vevu_logo.jpg\" alt=\"Universit\u00e9 des Sciences appliqu\u00e9es \u2018LAVOSLAV RUZICK\u2019 \u00e0 Vukovar\" class=\"img-responsive\"><\/div><div class=\"pays\"><div class=\"drapeau\" style=\"background: url(https:\/\/ento.org\/wp-content\/uploads\/2017\/07\/Croatia.png)  center no-repeat\"><\/div><div class=\"nom\">&nbsp;Croatie<\/div><\/div><h2 class=\"titre\">Universit\u00e9 des Sciences appliqu\u00e9es \u2018LAVOSLAV RUZICK\u2019 \u00e0 Vukovar<\/h2><div class=\"\">L\u2019Ecole des Sciences appliqu\u00e9es Lavoslav Ruzicka \u00e0 Vukovar est situ\u00e9 \u00e0 Vukovar, R\u00e9publique de Croatie. Elle a \u00e9t\u00e9 cr\u00e9\u00e9e le 22 juillet 2005. Il y a 3 programmes d\u2019\u00e9tude, 24 d\u2019entre eux sont des professeurs et 2 sont assistants. <\/div><div class=\"lien\"><a href=\"https:\/\/ento.org\/fr\/membre\/lecole-des-sciences-appliquees-lavoslav-ruzick\/\" class=\"btn btn-default\">PLUS D'INFOS<\/a><\/div><\/div><\/div><div class=\" col-md-4 col-sm-4 animation-element bounce-up cf\"><div class=\"thumbnail membre same_height\"><div class=\"logo text-center\"><img src=\"https:\/\/ento.org\/wp-content\/uploads\/2017\/05\/cidefe_logo.jpg\" alt=\"CENTRE D\u2019INFORMATION, DE DOCUMENTATION, D\u2019ETUDE ET DE FORMATION DES ELUS\" class=\"img-responsive\"><\/div><div class=\"pays\"><div class=\"drapeau\" style=\"background: url(https:\/\/ento.org\/wp-content\/uploads\/2017\/05\/France.png)  center no-repeat\"><\/div><div class=\"nom\">&nbsp;France<\/div><\/div><h2 class=\"titre\">CENTRE D\u2019INFORMATION, DE DOCUMENTATION, D\u2019ETUDE ET DE FORMATION DES ELUS<\/h2><div class=\"\">Les sessions de formation sont centr\u00e9es sur les besoins g\u00e9n\u00e9raux du management des conseillers locaux remis dans le contexte politique dans lequel ils appliquent leur mandat. La formation offre une dimension europ\u00e9enne et internationale impactant l\u2019action locale. <\/div><div class=\"lien\"><a href=\"https:\/\/ento.org\/fr\/membre\/centre-dinformation-de-documentation-detude-et-de-formation-des-elus\/\" class=\"btn btn-default\">PLUS D'INFOS<\/a><\/div><\/div><\/div><div class=\" col-md-4 col-sm-4 animation-element bounce-up cf\"><div class=\"thumbnail membre same_height\"><div class=\"logo text-center\"><img src=\"https:\/\/ento.org\/wp-content\/uploads\/2017\/07\/cnfpt_logo.png\" alt=\"CNFPT\" class=\"img-responsive\"><\/div><div class=\"pays\"><div class=\"drapeau\" style=\"background: url(https:\/\/ento.org\/wp-content\/uploads\/2017\/05\/France.png)  center no-repeat\"><\/div><div class=\"nom\">&nbsp;France<\/div><\/div><h2 class=\"titre\">CNFPT<\/h2><div class=\"\">Le CNFPT est un corps public d\u00e9concentr\u00e9 sur le territoire de la France est en charge de la formation pour fonctionnaire locaux 1.8. Il supporte les autorit\u00e9s locales dans le management des ressources humaines.<\/div><div class=\"lien\"><a href=\"https:\/\/ento.org\/fr\/membre\/cnfpt\/\" class=\"btn btn-default\">PLUS D'INFOS<\/a><\/div><\/div><\/div><div class=\" col-md-4 col-sm-4 animation-element bounce-up cf\"><div class=\"thumbnail membre same_height\"><div class=\"logo text-center\"><img src=\"https:\/\/ento.org\/wp-content\/uploads\/2017\/07\/gipa_logo.png\" alt=\"GIPA \u2013 L\u2019Institut G\u00e9orgien des Affaires Publiques\" class=\"img-responsive\"><\/div><div class=\"pays\"><div class=\"drapeau\" style=\"background: url(https:\/\/ento.org\/wp-content\/uploads\/2017\/07\/Georgia.png)  center no-repeat\"><\/div><div class=\"nom\">&nbsp;G\u00e9orgie<\/div><\/div><h2 class=\"titre\">GIPA \u2013 L\u2019Institut G\u00e9orgien des Affaires Publiques<\/h2><div class=\"\">L\u2019Institut G\u00e9orgien des Affaires Publiques (GIPA) fut cr\u00e9\u00e9 en 1994. L\u2019institut offre 4 programmes individuels comme formation dans les sph\u00e8res des affaires publiques, Gouvernance locale, journalisme, des affaires internationales et le Droit avec un programme PhD en Sciences Sociales. <\/div><div class=\"lien\"><a href=\"https:\/\/ento.org\/fr\/membre\/gipa-linstitut-georgien-des-affaires-publiques\/\" class=\"btn btn-default\">PLUS D'INFOS<\/a><\/div><\/div><\/div><div class=\" col-md-4 col-sm-4 animation-element bounce-up cf\"><div class=\"thumbnail membre same_height\"><div class=\"logo text-center\"><img src=\"https:\/\/ento.org\/wp-content\/uploads\/2017\/07\/civitas_logo.jpg\" alt=\"L\u2019Association Internationale \u00ab Civitas Georgica \u00bb\u10d9\u10d8\u10d5\u10d8\u10e2\u10d0\u10e1 \u10d2\u10d4\u10dd\u10e0\u10d2\u10d8\u10d9\u10d0\u201d\" class=\"img-responsive\"><\/div><div class=\"pays\"><div class=\"drapeau\" style=\"background: url(https:\/\/ento.org\/wp-content\/uploads\/2017\/07\/Georgia.png)  center no-repeat\"><\/div><div class=\"nom\">&nbsp;G\u00e9orgie<\/div><\/div><h2 class=\"titre\">L\u2019Association Internationale \u00ab Civitas Georgica \u00bb\u10d9\u10d8\u10d5\u10d8\u10e2\u10d0\u10e1 \u10d2\u10d4\u10dd\u10e0\u10d2\u10d8\u10d9\u10d0\u201d<\/h2><div class=\"\">L\u2019Association Internationale \u00ab Civitas Georgica \u00bb a \u00e9t\u00e9 cr\u00e9\u00e9e en 1996 par ceux qui croient que la Georgie est un pays des valeurs europ\u00e9ennes. Notre mission est de promouvoir l\u2019\u00e9tablissement d\u2019un gouvernement local d\u00e9mocratique et efficace en Georgie, assister les r\u00e9formes d\u00e9mocratiques et pour avancer la comp\u00e9tence de la participation publique dans la prise de d\u00e9cision. <\/div><div class=\"lien\"><a href=\"https:\/\/ento.org\/fr\/membre\/lassociation-internationale-civitas-georgica-%e1%83%99%e1%83%98%e1%83%95%e1%83%98%e1%83%a2%e1%83%90%e1%83%a1-%e1%83%92%e1%83%94%e1%83%9d%e1%83%a0%e1%83%92%e1%83%98%e1%83%99\/\" class=\"btn btn-default\">PLUS D'INFOS<\/a><\/div><\/div><\/div><div class=\" col-md-4 col-sm-4 animation-element bounce-up cf\"><div class=\"thumbnail membre same_height\"><div class=\"logo text-center\"><img src=\"https:\/\/ento.org\/wp-content\/uploads\/2017\/07\/lanchkhuti_logo.png\" alt=\"Le Centre d\u2019information Lanchkhuti\" class=\"img-responsive\"><\/div><div class=\"pays\"><div class=\"drapeau\" style=\"background: url(https:\/\/ento.org\/wp-content\/uploads\/2017\/07\/Georgia.png)  center no-repeat\"><\/div><div class=\"nom\">&nbsp;G\u00e9orgie<\/div><\/div><h2 class=\"titre\">Le Centre d\u2019information Lanchkhuti<\/h2><div class=\"\">Le Centre d\u2019information Lanchkhuti (LIC) est une association publique non-gouvernementale et impartiale. Le but de l\u2019organisation est de supporter le d\u00e9veloppement \u00e9conomique local en Georgie, et l\u2019\u00e9tablissement des principes d\u00e9mocratiques et de la soci\u00e9t\u00e9 civile. Pour parvenir \u00e0 ses objectives nous coop\u00e9rons avec des entreprises locales micro ou petites, gouvernement locaux et des organisations non-gouvernementales comme public g\u00e9n\u00e9ral. <\/div><div class=\"lien\"><a href=\"https:\/\/ento.org\/fr\/membre\/le-centre-dinformation-lanchkhuti\/\" class=\"btn btn-default\">PLUS D'INFOS<\/a><\/div><\/div><\/div><div class=\" col-md-4 col-sm-4 animation-element bounce-up cf\"><div class=\"thumbnail membre same_height\"><div class=\"logo text-center\"><img src=\"https:\/\/ento.org\/wp-content\/uploads\/2017\/07\/brescia_logo.png\" alt=\"Province de Brescia\" class=\"img-responsive\"><\/div><div class=\"pays\"><div class=\"drapeau\" style=\"background: url(https:\/\/ento.org\/wp-content\/uploads\/2017\/07\/Italy.png)  center no-repeat\"><\/div><div class=\"nom\">&nbsp;Italie<\/div><\/div><h2 class=\"titre\">Province de Brescia<\/h2><div class=\"\">L\u2019administration provinciale de Brescia promeut des activit\u00e9s de formation \u00e0 travers un partenariat avec deux principales organisations italiennes, SDA Bacconi et Politecnico de Milan.<\/div><div class=\"lien\"><a href=\"https:\/\/ento.org\/fr\/membre\/province-de-brescia\/\" class=\"btn btn-default\">PLUS D'INFOS<\/a><\/div><\/div><\/div><div class=\" col-md-4 col-sm-4 animation-element bounce-up cf\"><div class=\"thumbnail membre same_height\"><div class=\"logo text-center\"><img src=\"https:\/\/ento.org\/wp-content\/uploads\/2017\/07\/dainava_logo.jpg\" alt=\"Centre de Formation \u00ab Dainava \u00bb pour les fonctionnaires et les administrations locales\" class=\"img-responsive\"><\/div><div class=\"pays\"><div class=\"drapeau\" style=\"background: url(https:\/\/ento.org\/wp-content\/uploads\/2017\/07\/Lithuania.png)  center no-repeat\"><\/div><div class=\"nom\">&nbsp;Lithuanie<\/div><\/div><h2 class=\"titre\">Centre de Formation \u00ab Dainava \u00bb pour les fonctionnaires et les administrations locales<\/h2><div class=\"\">Le Centre de formation \u00ab Dainava \u00bb pour les fonctionnaires et les administrations locales est une institution \u00e0 but non-lucratif fond\u00e9e en 1996 par le Minist\u00e8re des R\u00e9formes des administrations publiques et des autorit\u00e9s locales de la R\u00e9publique de Lituanie.  <\/div><div class=\"lien\"><a href=\"https:\/\/ento.org\/fr\/membre\/centre-de-formation-dainava-pour-les-fonctionnaires-et-les-administrations-locales\/\" class=\"btn btn-default\">PLUS D'INFOS<\/a><\/div><\/div><\/div><div class=\" col-md-4 col-sm-4 animation-element bounce-up cf\"><div class=\"thumbnail membre same_height\"><div class=\"logo text-center\"><img src=\"https:\/\/ento.org\/wp-content\/uploads\/2017\/05\/cze_logo.png\" alt=\"Institut pour l\u2019Administration Publique de Prague\" class=\"img-responsive\"><\/div><div class=\"pays\"><div class=\"drapeau\" style=\"background: url(https:\/\/ento.org\/wp-content\/uploads\/2017\/05\/Czech-Republic.png)  center no-repeat\"><\/div><div class=\"nom\">&nbsp;R\u00e9publique Tch\u00e8que<\/div><\/div><h2 class=\"titre\">Institut pour l\u2019Administration Publique de Prague<\/h2><div class=\"\">L\u2019Institut pour l\u2019Administration Publique de Prague est une allocation d\u2019Etat cr\u00e9er par le Minist\u00e8re de l\u2019Int\u00e9rieur. L\u2019Institut est charg\u00e9 de prodiguer des formations pour les Unit\u00e9s locales d\u2019autogestion.<\/div><div class=\"lien\"><a href=\"https:\/\/ento.org\/fr\/membre\/institut-pour-ladministration-publique-de-prague\/\" class=\"btn btn-default\">PLUS D'INFOS<\/a><\/div><\/div><\/div><div class=\" col-md-4 col-sm-4 animation-element bounce-up cf\"><div class=\"thumbnail membre same_height\"><div class=\"logo text-center\"><img src=\"https:\/\/ento.org\/wp-content\/uploads\/2017\/07\/ti-ch_logo.png\" alt=\"Istituto della formazione continua\" class=\"img-responsive\"><\/div><div class=\"pays\"><div class=\"drapeau\" style=\"background: url(https:\/\/ento.org\/wp-content\/uploads\/2017\/07\/Switzerland.png)  center no-repeat\"><\/div><div class=\"nom\">&nbsp;Suisse<\/div><\/div><h2 class=\"titre\">Istituto della formazione continua<\/h2><div class=\"\">Le Centre de formation pour les autorit\u00e9s locales est directement attach\u00e9 \u00e0 la Division professionnelle du D\u00e9partement pour l\u2019Education, la Culture et le Sport du Canton de Ticino. Son but est d\u2019offrir des formations pour les fonctionnaires et les politiciens qui travaillent dans les autorit\u00e9s locales de Ticino dans le but de les pr\u00e9parer au mieux \u00e0 faire face aux changements qui impliquent les autorit\u00e9s locales. <\/div><div class=\"lien\"><a href=\"https:\/\/ento.org\/fr\/membre\/le-centre-de-formation-pour-les-autorites-locales\/\" class=\"btn btn-default\">PLUS D'INFOS<\/a><\/div><\/div><\/div><div class=\" col-md-4 col-sm-4 animation-element bounce-up cf\"><div class=\"thumbnail membre same_height\"><div class=\"logo text-center\"><img src=\"https:\/\/ento.org\/wp-content\/uploads\/2017\/07\/ask_logo.png\" alt=\"ASK &#8211; ATTITUDE SKILLS KNOWLEDGE\" class=\"img-responsive\"><\/div><div class=\"pays\"><div class=\"drapeau\" style=\"background: url(https:\/\/ento.org\/wp-content\/uploads\/2017\/07\/Ukraine.png)  center no-repeat\"><\/div><div class=\"nom\">&nbsp;Ukraine<\/div><\/div><h2 class=\"titre\">ASK &#8211; ATTITUDE SKILLS KNOWLEDGE<\/h2><div class=\"\">ASK est un groupe de formation et de consultance qui unifie les Ukr\u00e9niens, certifi\u00e9 par les USA, et les \u00e9trangers praticiens sp\u00e9cialistes dans le la fili\u00e8re du marketing et des analyses du march\u00e9, du management, des finances, des projets RH et management, et des communications.<\/div><div class=\"lien\"><a href=\"https:\/\/ento.org\/fr\/membre\/ask-attitude-skills-knowledge\/\" class=\"btn btn-default\">PLUS D'INFOS<\/a><\/div><\/div><\/div><div class=\" col-md-4 col-sm-4 animation-element bounce-up cf\"><div class=\"thumbnail membre same_height\"><div class=\"logo text-center\"><\/div><div class=\"pays\"><div class=\"drapeau\" style=\"background: url(https:\/\/ento.org\/wp-content\/uploads\/2017\/07\/Ukraine.png)  center no-repeat\"><\/div><div class=\"nom\">&nbsp;Ukraine<\/div><\/div><h2 class=\"titre\">Centre Lugansk des post-graduats en Education<\/h2><div class=\"\">Le Centre Lugansk des post-graduats en Education a \u00e9t\u00e9 cr\u00e9\u00e9 selon la disposition n\u00b0446 du 16 avril 1996, fait par la personne qui \u00e9tait \u00e0 la t\u00eate de la R\u00e9gion de Luhansk comme le pr\u00e9voit l\u2019ex\u00e9cution du decr\u00e9t n\u00b0398 \u00ab \u00e0 propos du syst\u00e8me de qualification, requalification et d\u00e9coulant de la qualification du fonctionnaire d\u2019\u00e9tat \u00bb, fait le 30 mai 1995 par le Pr\u00e9sident de l\u2019Ukraine. <\/div><div class=\"lien\"><a href=\"https:\/\/ento.org\/fr\/membre\/centre-lugansk-des-post-graduats-en-education\/\" class=\"btn btn-default\">PLUS D'INFOS<\/a><\/div><\/div><\/div><\/div>\n","protected":false},"excerpt":{"rendered":"Le Centre Lugansk des post-graduats en Education a \u00e9t\u00e9 cr\u00e9\u00e9 selon la disposition n\u00b0446 du 16 avril 1996, fait par la personne qui \u00e9tait \u00e0 la t\u00eate de la R\u00e9gion de Luhansk comme le pr\u00e9voit l\u2019ex\u00e9cution du decr\u00e9t n\u00b0398 \u00ab \u00e0 propos du syst\u00e8me de qualification, requalification et d\u00e9coulant de la qualification du fonctionnaire d\u2019\u00e9tat [...]","protected":false},"author":1,"featured_media":0,"parent":0,"menu_order":0,"comment_status":"closed","ping_status":"closed","template":"page-template\/page-une-colonne.php","meta":{"ngg_post_thumbnail":0},"acf":[],"yoast_head":"<!-- This site is optimized with the Yoast SEO plugin v18.1 - https:\/\/yoast.com\/wordpress\/plugins\/seo\/ -->\n<title>Membres - Ento<\/title>\n<meta name=\"robots\" content=\"index, follow, max-snippet:-1, max-image-preview:large, max-video-preview:-1\" \/>\n<link rel=\"canonical\" href=\"https:\/\/ento.org\/fr\/membres-fr\/\" \/>\n<meta property=\"og:locale\" content=\"fr_FR\" \/>\n<meta property=\"og:type\" content=\"article\" \/>\n<meta property=\"og:title\" content=\"Membres - Ento\" \/>\n<meta property=\"og:url\" content=\"https:\/\/ento.org\/fr\/membres-fr\/\" \/>\n<meta property=\"og:site_name\" content=\"Ento\" \/>\n<meta property=\"article:modified_time\" content=\"2017-09-14T09:17:14+00:00\" \/>\n<meta name=\"twitter:card\" content=\"summary\" \/>\n<script type=\"application\/ld+json\" class=\"yoast-schema-graph\">{\"@context\":\"https:\/\/schema.org\",\"@graph\":[{\"@type\":\"WebSite\",\"@id\":\"https:\/\/ento.org\/#website\",\"url\":\"https:\/\/ento.org\/\",\"name\":\"Ento\",\"description\":\"European Network Training Organisations for Local and Regional Authorities\",\"potentialAction\":[{\"@type\":\"SearchAction\",\"target\":{\"@type\":\"EntryPoint\",\"urlTemplate\":\"https:\/\/ento.org\/?s={search_term_string}\"},\"query-input\":\"required name=search_term_string\"}],\"inLanguage\":\"fr-FR\"},{\"@type\":\"WebPage\",\"@id\":\"https:\/\/ento.org\/fr\/membres-fr\/#webpage\",\"url\":\"https:\/\/ento.org\/fr\/membres-fr\/\",\"name\":\"Membres - Ento\",\"isPartOf\":{\"@id\":\"https:\/\/ento.org\/#website\"},\"datePublished\":\"2017-05-12T10:07:12+00:00\",\"dateModified\":\"2017-09-14T09:17:14+00:00\",\"breadcrumb\":{\"@id\":\"https:\/\/ento.org\/fr\/membres-fr\/#breadcrumb\"},\"inLanguage\":\"fr-FR\",\"potentialAction\":[{\"@type\":\"ReadAction\",\"target\":[\"https:\/\/ento.org\/fr\/membres-fr\/\"]}]},{\"@type\":\"BreadcrumbList\",\"@id\":\"https:\/\/ento.org\/fr\/membres-fr\/#breadcrumb\",\"itemListElement\":[{\"@type\":\"ListItem\",\"position\":1,\"name\":\"Home\",\"item\":\"https:\/\/ento.org\/fr\/\"},{\"@type\":\"ListItem\",\"position\":2,\"name\":\"Membres\"}]}]}<\/script>\n<!-- \/ Yoast SEO plugin. -->","yoast_head_json":{"title":"Membres - Ento","robots":{"index":"index","follow":"follow","max-snippet":"max-snippet:-1","max-image-preview":"max-image-preview:large","max-video-preview":"max-video-preview:-1"},"canonical":"https:\/\/ento.org\/fr\/membres-fr\/","og_locale":"fr_FR","og_type":"article","og_title":"Membres - Ento","og_url":"https:\/\/ento.org\/fr\/membres-fr\/","og_site_name":"Ento","article_modified_time":"2017-09-14T09:17:14+00:00","twitter_card":"summary","schema":{"@context":"https:\/\/schema.org","@graph":[{"@type":"WebSite","@id":"https:\/\/ento.org\/#website","url":"https:\/\/ento.org\/","name":"Ento","description":"European Network Training Organisations for Local and Regional Authorities","potentialAction":[{"@type":"SearchAction","target":{"@type":"EntryPoint","urlTemplate":"https:\/\/ento.org\/?s={search_term_string}"},"query-input":"required name=search_term_string"}],"inLanguage":"fr-FR"},{"@type":"WebPage","@id":"https:\/\/ento.org\/fr\/membres-fr\/#webpage","url":"https:\/\/ento.org\/fr\/membres-fr\/","name":"Membres - Ento","isPartOf":{"@id":"https:\/\/ento.org\/#website"},"datePublished":"2017-05-12T10:07:12+00:00","dateModified":"2017-09-14T09:17:14+00:00","breadcrumb":{"@id":"https:\/\/ento.org\/fr\/membres-fr\/#breadcrumb"},"inLanguage":"fr-FR","potentialAction":[{"@type":"ReadAction","target":["https:\/\/ento.org\/fr\/membres-fr\/"]}]},{"@type":"BreadcrumbList","@id":"https:\/\/ento.org\/fr\/membres-fr\/#breadcrumb","itemListElement":[{"@type":"ListItem","position":1,"name":"Home","item":"https:\/\/ento.org\/fr\/"},{"@type":"ListItem","position":2,"name":"Membres"}]}]}},"_links":{"self":[{"href":"https:\/\/ento.org\/fr\/wp-json\/wp\/v2\/pages\/89"}],"collection":[{"href":"https:\/\/ento.org\/fr\/wp-json\/wp\/v2\/pages"}],"about":[{"href":"https:\/\/ento.org\/fr\/wp-json\/wp\/v2\/types\/page"}],"author":[{"embeddable":true,"href":"https:\/\/ento.org\/fr\/wp-json\/wp\/v2\/users\/1"}],"replies":[{"embeddable":true,"href":"https:\/\/ento.org\/fr\/wp-json\/wp\/v2\/comments?post=89"}],"version-history":[{"count":5,"href":"https:\/\/ento.org\/fr\/wp-json\/wp\/v2\/pages\/89\/revisions"}],"predecessor-version":[{"id":693,"href":"https:\/\/ento.org\/fr\/wp-json\/wp\/v2\/pages\/89\/revisions\/693"}],"wp:attachment":[{"href":"https:\/\/ento.org\/fr\/wp-json\/wp\/v2\/media?parent=89"}],"curies":[{"name":"wp","href":"https:\/\/api.w.org\/{rel}","templated":true}]}}